{"version":"1.0","provider_name":"Trainevo","provider_url":"https:\/\/www.trainevo.lu\/de\/","author_name":"Melaz Galas","author_url":"https:\/\/www.trainevo.lu\/de\/author\/trainevo\/","title":"Bel\u00e4stigung und Gewalt am Arbeitsplatz in Luxemburg: Den rechtlichen Rahmen verstehen und Risiken im Unternehmen vorbeugen - Trainevo %","type":"rich","width":600,"height":338,"html":"<blockquote class=\"wp-embedded-content\" data-secret=\"pR7JDTs8hh\"><a href=\"https:\/\/www.trainevo.lu\/de\/elementor-2259\/\">Bel\u00e4stigung und Gewalt am Arbeitsplatz in Luxemburg: Den rechtlichen Rahmen verstehen und Risiken im Unternehmen vorbeugen<\/a><\/blockquote><iframe sandbox=\"allow-scripts\" security=\"restricted\" src=\"https:\/\/www.trainevo.lu\/de\/elementor-2259\/embed\/#?secret=pR7JDTs8hh\" width=\"600\" height=\"338\" title=\"&#8222;Bel\u00e4stigung und Gewalt am Arbeitsplatz in Luxemburg: Den rechtlichen Rahmen verstehen und Risiken im Unternehmen vorbeugen&#8220; &#8211; Trainevo\" data-secret=\"pR7JDTs8hh\" frameborder=\"0\" marginwidth=\"0\" marginheight=\"0\" scrolling=\"no\" class=\"wp-embedded-content\"><\/iframe><script>\n\/*! This file is auto-generated *\/\n!function(d,l){\"use strict\";l.querySelector&&d.addEventListener&&\"undefined\"!=typeof URL&&(d.wp=d.wp||{},d.wp.receiveEmbedMessage||(d.wp.receiveEmbedMessage=function(e){var t=e.data;if((t||t.secret||t.message||t.value)&&!\/[^a-zA-Z0-9]\/.test(t.secret)){for(var s,r,n,a=l.querySelectorAll('iframe[data-secret=\"'+t.secret+'\"]'),o=l.querySelectorAll('blockquote[data-secret=\"'+t.secret+'\"]'),c=new RegExp(\"^https?:$\",\"i\"),i=0;i<o.length;i++)o[i].style.display=\"none\";for(i=0;i<a.length;i++)s=a[i],e.source===s.contentWindow&&(s.removeAttribute(\"style\"),\"height\"===t.message?(1e3<(r=parseInt(t.value,10))?r=1e3:~~r<200&&(r=200),s.height=r):\"link\"===t.message&&(r=new URL(s.getAttribute(\"src\")),n=new URL(t.value),c.test(n.protocol))&&n.host===r.host&&l.activeElement===s&&(d.top.location.href=t.value))}},d.addEventListener(\"message\",d.wp.receiveEmbedMessage,!1),l.addEventListener(\"DOMContentLoaded\",function(){for(var e,t,s=l.querySelectorAll(\"iframe.wp-embedded-content\"),r=0;r<s.length;r++)(t=(e=s[r]).getAttribute(\"data-secret\"))||(t=Math.random().toString(36).substring(2,12),e.src+=\"#?secret=\"+t,e.setAttribute(\"data-secret\",t)),e.contentWindow.postMessage({message:\"ready\",secret:t},\"*\")},!1)))}(window,document);\n\/\/# sourceURL=https:\/\/www.trainevo.lu\/wp-includes\/js\/wp-embed.min.js\n<\/script>\n","thumbnail_url":"https:\/\/www.trainevo.lu\/wp-content\/uploads\/2026\/03\/Harcelement-et-violence-au-travail-1.png","thumbnail_width":922,"thumbnail_height":758,"description":"Bel\u00e4stigung und Gewalt am Arbeitsplatz in Luxemburg: Den rechtlichen Rahmen verstehen und Risiken im Unternehmen vorbeugen Bel\u00e4stigung und Gewalt am Arbeitsplatz stellen heute eine gro\u00dfe Herausforderung f\u00fcr Unternehmen und \u00f6ffentliche Organisationen in Luxemburg dar. \u00dcber die menschlichen und sozialen Auswirkungen hinaus k\u00f6nnen diese Situationen auch erhebliche rechtliche, organisatorische und wirtschaftliche Folgen f\u00fcr die Arbeitgeber nach [&hellip;]"}